{"id":292,"date":"2018-05-23T16:15:12","date_gmt":"2018-05-23T16:15:12","guid":{"rendered":"http:\/\/rdmproductora.com\/cennm\/?page_id=292"},"modified":"2019-03-18T01:26:03","modified_gmt":"2019-03-18T07:26:03","slug":"articulos-de-investigacion","status":"publish","type":"page","link":"https:\/\/cennm.com\/cennm\/academia\/articulos-de-investigacion\/","title":{"rendered":"Art\u00edculos de investigaci\u00f3n"},"content":{"rendered":"<h2>\n\t\tART\u00cdCULOS DE INVESTIGACI\u00d3N<br \/>\n\t<\/h2>\n<p>\t\t\t\t<img decoding=\"async\" src=\"https:\/\/cennm.com\/cennm\/wp-content\/uploads\/2019\/01\/Bases-moleculares-del-uso-de-biomarcadores-l\u00edquido-cefalorraqu\u00eddeo-LCR-enfermedad-de-Creutzfeldt-Jakob.png\" alt=\"Bases moleculares del uso de biomarcadores, l\u00edquido cefalorraqu\u00eddeo LCR, enfermedad de Creutzfeldt-Jakob\" itemprop=\"image\"\/><\/p>\n<h2>Nuevas herramientas moleculares para la detecci\u00f3n de priones en muestras biol\u00f3gicas de pacientes con enfermedad de Creutzfeldt-Jakob .<\/h2>\n<p>Autores: Guadarrama-Orti\u0301z Parme\u0301nides, Carnalla-Cort\u00e9s Martha, Chore\u00f1o-Parra Jos\u00e9 Alberto, Mart\u00ednez-Z\u00fa\u00f1iga Nayeli, Luna-Mu\u00f1oz Jos\u00e9 C. \u00a0\u00a0<\/p>\n<p><b>Archivos de Neurociencias &#8211; Octubre \u00a02018<\/b><\/p>\n<p>\t\t\t<a href=\"https:\/\/cennm.com\/cennm\/wp-content\/uploads\/2019\/01\/Bases-moleculares-del-uso-de-biomarcadores-l\u00edquido-cefalorraqu\u00eddeo-LCR-enfermedad-de-Creutzfeldt-Jakob.pdf\" target=\"_blank\" rel=\"noopener\"  role=\"button\"><br \/>\n\t\t\t\t\t\t\tLeer art\u00edculo<br \/>\n\t\t<\/a><\/p>\n<h2>Abordaje del Paciente con Traumatismo Craneoencef\u00e1lico<\/h2>\n<h3>Un enfoquepara el M\u00e9dico de primer contacto.<\/h3>\n<p>Autores: Carnalla Martha, Chore\u00f1o-Parra Jos\u00e9 Alberto, Guadarrama-Orti\u0301z Parme\u0301nides, Cruz Ana Marcela, Ugalde Ania, Aparicio Claudia, Contreras Yanin Lucero.\u00a0\u00a0<\/p>\n<p><strong>Atenci\u00f3n Familiar, UNAM, 2019<\/strong><\/p>\n<p><strong>DOI: 10,22201\/FACMED.14058871p.2019.1.67714\u00a0<\/strong><\/p>\n<p>\t\t\t<a href=\"https:\/\/cennm.com\/cennm\/wp-content\/uploads\/2018\/12\/Abordajedelpacientecontraumatismocraneoenceflicounenfoqueparaelmedicodeprimercontacto.pdf\" target=\"_blank\" rel=\"noopener\"  role=\"button\"><br \/>\n\t\t\t\t\t\t\tLeer art\u00edculo<br \/>\n\t\t<\/a><br \/>\n\t\t\t\t<img decoding=\"async\" src=\"https:\/\/cennm.com\/cennm\/wp-content\/uploads\/2018\/12\/Abordaje-del-Paciente-con-Traumatismo-Craneoencefa\u0301lico.png\" alt=\"Neurolog\u00eda\" itemprop=\"image\"\/><br \/>\n\t\t\t\t<img decoding=\"async\" src=\"https:\/\/cennm.com\/cennm\/wp-content\/uploads\/2018\/08\/Neuronavegacio\u0301n-Cirugi\u0301a-Guiada-por-Imagen.png\" alt=\"Neuronavegaci\u00f3n\" itemprop=\"image\"\/><\/p>\n<h2>Neuronavegaci\u00f3n: cirug\u00eda guiada por imagen<\/h2>\n<h3>Neuronavigation: Imaging-guided Neurosurgery<\/h3>\n<p>Jose\u0301 Alberto Choren\u0303o-Parra,\u00a0Martha Carnalla-Corte\u0301s, Juan Carlos Flores-V\u00e1zquez, Cesar Osvaldo Ruiz-Rivero, Parme\u0301nides Guadarrama-Ort\u00edz.\u00a0<\/p>\n<p><strong>Rev Mex Neu 2018 &#8211; 19483 &#8211; 93R-2.<\/strong><\/p>\n<p>\t\t\t<a href=\"https:\/\/cennm.com\/cennm\/neuronavegacion-neurocirugia-guiada-por-imagen-revmexneu_2018_19483-93r-2\/\" target=\"_blank\" rel=\"noopener\"  role=\"button\"><br \/>\n\t\t\t\t\t\t\tLeer art\u00edculo<br \/>\n\t\t<\/a><\/p>\n<h2>Anticuerpos monoclonales contra el CGRP <\/h2>\n<h3>para el tratamiento de la migrana cronica y episodica<\/h3>\n<p>Autores: Marti\u0301nez-Zun\u0303iga Nayeli, Carnalla, Martha, Chore\u00f1o-Parra Jos\u00e9 Alberto, Guadarrama-Orti\u0301z Parme\u0301nides.\u00a0<\/p>\n<p><strong>Rev. Mex. Neu 2018; 19(4): 45-61\u00a0<\/strong><\/p>\n<p>\t\t\t<a href=\"https:\/\/cennm.com\/cennm\/tratamientos-vs-migrana\/ \" target=\"_blank\" rel=\"noopener\"  role=\"button\"><br \/>\n\t\t\t\t\t\t\tLeer art\u00edculo<br \/>\n\t\t<\/a><br \/>\n\t\t\t\t<img decoding=\"async\" src=\"https:\/\/cennm.com\/cennm\/wp-content\/uploads\/2018\/08\/Anticuerpos-Monoclonales-Mejores-tratamientos-vs-migran\u0303a.png\" alt=\"tratamientos vs migra\u00f1a\" itemprop=\"image\"\/><br \/>\n\t\t\t\t<img decoding=\"async\" src=\"https:\/\/cennm.com\/cennm\/wp-content\/uploads\/2018\/07\/1878-6830-1-SP.001-300x169.jpeg\" alt=\"A. Estimulacio\u0301n y regulacio\u0301n del sistema inmunitario. B. Mantenimiento de las barreras fi\u0301sicas (antagonismo directo). C. Metabolismo de carbohidratos. D. Com- petencia de nutrientes. E. Produccio\u0301n de metabolitos. F. Produccio\u0301n de bacteriocinas.\" itemprop=\"image\"\/><\/p>\n<h2>Probio\u0301ticos \u00bfcoadyuvantes en el tratamiento me\u0301dico?<\/h2>\n<h3>Probiotics: Adjuvant in the medical treatment?<\/h3>\n<p>Parme\u0301nides Guadarrama-Ort\u00edz, Juan Carlos Flores-Va\u0301zquez, Martha Carnalla Corte\u0301s, Jose\u0301 Alberto Choren\u0303o Parra<\/p>\n<p><strong>Med Int Me\u0301x. 2018 julio-agosto;34(4):574-581.<\/strong><\/p>\n<p>\t\t\t<a href=\"http:\/\/cennm.com\/cennm\/wp-content\/uploads\/2018\/07\/medintJUL-AGO2018artrev2-Probioticos.pdf\" target=\"_blank\" rel=\"noopener\"  role=\"button\"><br \/>\n\t\t\t\t\t\t\tLeer art\u00edculo<br \/>\n\t\t<\/a><\/p>\n<h2>La tinci\u00f3n con el colorante rojo tiazina es un m\u00e9todo de diagn\u00f3stico pos-mortem<\/h2>\n<h3> r\u00e1pido y confiable para la enfermedad de Alzheimer<\/h3>\n<p>Castellanos Aguilar Leonel, Marti\u0301nez-Zun\u0303iga Nayeli, Gutierrez-Murcia Jonathan Le\u0301nnel, Viramontes Pintos Amparo, Garce\u0301s Rami\u0301rez Linda, de la Cruz Fidel, Guadarrama Orti\u0301z Parme\u0301nides, Luna Mun\u0303oz Jose\u0301*.<\/p>\n<p><b>Archivos de Neurociencias &#8211; Octubre \u00a02017<\/b><\/p>\n<p>\t\t\t<a href=\"http:\/\/cennm.com\/cennm\/wp-content\/uploads\/2018\/06\/La-tincion-con-el-colorante-rojo-tiazina-es-un-metodo-de-diagnostico-pos-mortem.pdf\" target=\"_blank\" rel=\"noopener\"  role=\"button\"><br \/>\n\t\t\t\t\t\t\tLeer art\u00edculo<br \/>\n\t\t<\/a><br \/>\n\t\t\t\t<img decoding=\"async\" src=\"https:\/\/cennm.com\/cennm\/wp-content\/uploads\/2018\/06\/Screen-Shot-2018-06-19-at-11.21.43-PM.png\" alt=\"Screen Shot 2018-06-19 at 11.21.43 PM\" itemprop=\"image\"\/><br \/>\n\t\t\t\t<img decoding=\"async\" src=\"https:\/\/cennm.com\/cennm\/wp-content\/uploads\/2018\/05\/TumorRabdoide.jpg\" alt=\"TumorRabdoide\" itemprop=\"image\"\/><\/p>\n<h2>Tumor rabdoide teratoide<\/h2>\n<h3>Presentaci\u00f3n de dos casos y revisi\u00f3n de la literatura<\/h3>\n<p>Ricardo Ram\u00edrez Aguilar, V\u00edctor Hugo Escobar de la Garma, Alejandro Madrid S\u00e1nchez, Parm\u00e9nides Guadarrama, Alberto Montesinos Sampedro, Rafael Mendizabal Guerra<\/p>\n<p><strong>Rev. Mex. Neurociencia \/ Noviembre-Diciembre 2013<\/strong><\/p>\n<p>\t\t\t<a href=\"http:\/\/cennm.com\/cennm\/wp-content\/uploads\/2018\/05\/01-2013-Tumor-rabdoide-teratoide-Dr.-Guadarrama.pdf\" target=\"_blank\" rel=\"noopener\"  role=\"button\"><br \/>\n\t\t\t\t\t\t\tLeer art\u00edculo<br \/>\n\t\t<\/a><\/p>\n<h2>Controladores del tiempo y el envejecimiento<\/h2>\n<h3>N\u00facleo Supraquiasm\u00e1tico y Gl\u00e1ndula Pineal<\/h3>\n<p>Parm\u00e9nides Guadarrama, Ricardo Ram\u00edrez Aguilar, Alejandro Madrid S\u00e1nchez, Carlos Castillo Rangel, Diana Carrasco Alc\u00e1ntara, Ra\u00fal Aguilar Roblero.<\/p>\n<p><strong>Internation Journal of Morphology, Febrero 2014<\/strong><\/p>\n<p>\t\t\t<a href=\"http:\/\/cennm.com\/cennm\/wp-content\/uploads\/2018\/05\/02-2014-Controladores-del-tiempo-y-el-envejecimiento-Dr.-Guadarrama.pdf\" target=\"_blank\" rel=\"noopener\"  role=\"button\"><br \/>\n\t\t\t\t\t\t\tLeer art\u00edculo<br \/>\n\t\t<\/a><br \/>\n\t\t\t\t<img decoding=\"async\" src=\"https:\/\/cennm.com\/cennm\/wp-content\/uploads\/2018\/05\/ControladorTiempo.jpg\" alt=\"ControladorTiempo\" itemprop=\"image\"\/><br \/>\n\t\t\t\t<img decoding=\"async\" src=\"https:\/\/cennm.com\/cennm\/wp-content\/uploads\/2018\/06\/Screen-Shot-2018-06-04-at-2.36.28-AM.png\" alt=\"Screen Shot 2018-06-04 at 2.36.28 AM\" itemprop=\"image\"\/><\/p>\n<h2>Esclerosis m\u00faltiple: enfermedad neurol\u00f3gica de alto impacto social<\/h2>\n<h3>De vuelta al antiguo tratamiento<\/h3>\n<p>Parm\u00e9nides Guadarrama, Ximena Regalado Guerra, Carlos Castillo Rangel, Manuel \u00c1ngeles-Castellanos.<\/p>\n<p><strong>Revista Facultad de Medicina UNAM \/ Noviembre-Diciembre 2014<\/strong><\/p>\n<p>\t\t\t<a href=\"http:\/\/cennm.com\/cennm\/wp-content\/uploads\/2018\/05\/03-2014-Esclerosis-M\u00faltiple-Dr.-Guadarrama-1.pdf\" target=\"_blank\" rel=\"noopener\"  role=\"button\"><br \/>\n\t\t\t\t\t\t\tLeer art\u00edculo<br \/>\n\t\t<\/a><\/p>\n<h2>El n\u00facleo supraquiasm\u00e1tico y la gl\u00e1ndula Pineal en la regulaci\u00f3n de los ritmos circadianos en los roedores<\/h2>\n<p>Ra\u00fal Aguilar-Roblero, Parm\u00e9nides Guadarrama, Clara Mercado, Jos\u00e9 Luis Ch\u00e1vez.<\/p>\n<p><strong>Revista Depto. Neurociencias UNAM \/ 2004<\/strong><\/p>\n<p>\t\t\t<a href=\"http:\/\/cennm.com\/cennm\/wp-content\/uploads\/2018\/05\/04-2004-El-n\u00facleo-supraquiasm\u00e1tico-y-la-gl\u00e1ndula-pineal-en-la-regulaci\u00f3n-de-los-ritmos-circadianos-en-roedores-1.pdf\" target=\"_blank\" rel=\"noopener\"  role=\"button\"><br \/>\n\t\t\t\t\t\t\tLeer art\u00edculo<br \/>\n\t\t<\/a><br \/>\n\t\t\t\t<img decoding=\"async\" src=\"https:\/\/cennm.com\/cennm\/wp-content\/uploads\/2018\/07\/El-nu\u0301cleo-supraquiasma\u0301tico-CENNM.jpg\" alt=\"El n\u00facleo supraquiasm\u00e1tico\" itemprop=\"image\"\/><\/p>\n<h2>Suscr\u00edbete a nuestro newsletter<\/h2>\n<h5>Y recibe noticias, promociones y contenidos exclusivos<\/h5>\n<p>\t\t\t\t\t<input type=\"text\" name=\"uabb-subscribe-form-fname\" id=\"uabb-subscribe-form-fname\" placeholder=\"Nombre \" \/><br \/>\n\t\t\t\t\t\t\t\t\t\t!<br \/>\n\t\t\t\t<!-- Inline Block Space Fix \n\t\t\t\t--><br \/>\n\t\t\t\t<!-- Inline Block Space Fix\n\t\t\t\t--><br \/>\n\t\t\t\t\t<input type=\"email\" name=\"uabb-subscribe-form-email\" placeholder=\"e-mail\" \/><br \/>\n\t\t\t\t\t\t\t\t\t\t!<br \/>\n\t\t\t\t<!-- Inline Block Space Fix\t\n\t\t\t\t--><!-- Inline Block Space Fix\t\n\t\t\t\t--><br \/>\n\t\t\t<a href=\"#\" target=\"_self\"   role=\"button\"><br \/>\n\t\t\t\t\t\t\t\u00a1Suscribirme!<br \/>\n\t\t<\/a><\/p>\n<p>Recuerda confirmar tu correo electr\u00f3nico para poder recibir nuestros boletines. Si no recibes el correo de confirmaci\u00f3n por favor revisa en tu bandeja de correos no deseados.<\/p>\n<p>\t\t\t\t\t\t\tSomething went wrong. Please check your entries and try again.<\/p>\n","protected":false},"excerpt":{"rendered":"<p>ART\u00cdCULOS DE INVESTIGACI\u00d3N Nuevas herramientas moleculares para la detecci\u00f3n de priones en muestras biol\u00f3gicas de pacientes con enfermedad de Creutzfeldt-Jakob . Autores: Guadarrama-Orti\u0301z Parme\u0301nides, Carnalla-Cort\u00e9s Martha, Chore\u00f1o-Parra Jos\u00e9 Alberto, Mart\u00ednez-Z\u00fa\u00f1iga Nayeli, Luna-Mu\u00f1oz Jos\u00e9 C. \u00a0\u00a0 Archivos de Neurociencias &#8211; Octubre \u00a02018 Leer art\u00edculo Abordaje del Paciente con Traumatismo Craneoencef\u00e1lico Un enfoquepara el M\u00e9dico de primer&hellip;<\/p>\n","protected":false},"author":1,"featured_media":0,"parent":219,"menu_order":0,"comment_status":"closed","ping_status":"closed","template":"","meta":{"footnotes":""},"class_list":["post-292","page","type-page","status-publish","hentry"],"yoast_head":"<!-- This site is optimized with the Yoast SEO plugin v18.2 - https:\/\/yoast.com\/wordpress\/plugins\/seo\/ -->\n<title>Art\u00edculos de investigaci\u00f3n - CENNM<\/title>\n<meta name=\"robots\" content=\"index, follow, max-snippet:-1, max-image-preview:large, max-video-preview:-1\" \/>\n<link rel=\"canonical\" href=\"https:\/\/cennm.com\/cennm\/academia\/articulos-de-investigacion\/\" \/>\n<meta property=\"og:locale\" content=\"es_MX\" \/>\n<meta property=\"og:type\" content=\"article\" \/>\n<meta property=\"og:title\" content=\"Art\u00edculos de investigaci\u00f3n - CENNM\" \/>\n<meta property=\"og:description\" content=\"ART\u00cdCULOS DE INVESTIGACI\u00d3N Nuevas herramientas moleculares para la detecci\u00f3n de priones en muestras biol\u00f3gicas de pacientes con enfermedad de Creutzfeldt-Jakob . Autores: Guadarrama-Orti\u0301z Parme\u0301nides, Carnalla-Cort\u00e9s Martha, Chore\u00f1o-Parra Jos\u00e9 Alberto, Mart\u00ednez-Z\u00fa\u00f1iga Nayeli, Luna-Mu\u00f1oz Jos\u00e9 C. \u00a0\u00a0 Archivos de Neurociencias &#8211; Octubre \u00a02018 Leer art\u00edculo Abordaje del Paciente con Traumatismo Craneoencef\u00e1lico Un enfoquepara el M\u00e9dico de primer&hellip;\" \/>\n<meta property=\"og:url\" content=\"https:\/\/cennm.com\/cennm\/academia\/articulos-de-investigacion\/\" \/>\n<meta property=\"og:site_name\" content=\"CENNM\" \/>\n<meta property=\"article:publisher\" content=\"https:\/\/www.facebook.com\/CENNM\/\" \/>\n<meta property=\"article:modified_time\" content=\"2019-03-18T07:26:03+00:00\" \/>\n<meta property=\"og:image\" content=\"https:\/\/cennm.com\/cennm\/wp-content\/uploads\/2019\/01\/Bases-moleculares-del-uso-de-biomarcadores-l\u00edquido-cefalorraqu\u00eddeo-LCR-enfermedad-de-Creutzfeldt-Jakob.png\" \/>\n<meta name=\"twitter:card\" content=\"summary_large_image\" \/>\n<meta name=\"twitter:site\" content=\"@CENNM_\" \/>\n<meta name=\"twitter:label1\" content=\"Tiempo de lectura\" \/>\n\t<meta name=\"twitter:data1\" content=\"2 minutos\" \/>\n<script type=\"application\/ld+json\" class=\"yoast-schema-graph\">{\"@context\":\"https:\/\/schema.org\",\"@graph\":[{\"@type\":\"WebSite\",\"@id\":\"https:\/\/cennm.com\/cennm\/#website\",\"url\":\"https:\/\/cennm.com\/cennm\/\",\"name\":\"CENNM\",\"description\":\"Centro Especializado en Neurocirug\u00eda y Neurociencias M\u00e9xico\",\"potentialAction\":[{\"@type\":\"SearchAction\",\"target\":{\"@type\":\"EntryPoint\",\"urlTemplate\":\"https:\/\/cennm.com\/cennm\/?s={search_term_string}\"},\"query-input\":\"required name=search_term_string\"}],\"inLanguage\":\"es\"},{\"@type\":\"ImageObject\",\"@id\":\"https:\/\/cennm.com\/cennm\/academia\/articulos-de-investigacion\/#primaryimage\",\"inLanguage\":\"es\",\"url\":\"https:\/\/cennm.com\/cennm\/wp-content\/uploads\/2019\/01\/Bases-moleculares-del-uso-de-biomarcadores-l\u00edquido-cefalorraqu\u00eddeo-LCR-enfermedad-de-Creutzfeldt-Jakob.png\",\"contentUrl\":\"https:\/\/cennm.com\/cennm\/wp-content\/uploads\/2019\/01\/Bases-moleculares-del-uso-de-biomarcadores-l\u00edquido-cefalorraqu\u00eddeo-LCR-enfermedad-de-Creutzfeldt-Jakob.png\",\"width\":445,\"height\":295},{\"@type\":\"WebPage\",\"@id\":\"https:\/\/cennm.com\/cennm\/academia\/articulos-de-investigacion\/#webpage\",\"url\":\"https:\/\/cennm.com\/cennm\/academia\/articulos-de-investigacion\/\",\"name\":\"Art\u00edculos de investigaci\u00f3n - CENNM\",\"isPartOf\":{\"@id\":\"https:\/\/cennm.com\/cennm\/#website\"},\"primaryImageOfPage\":{\"@id\":\"https:\/\/cennm.com\/cennm\/academia\/articulos-de-investigacion\/#primaryimage\"},\"datePublished\":\"2018-05-23T16:15:12+00:00\",\"dateModified\":\"2019-03-18T07:26:03+00:00\",\"breadcrumb\":{\"@id\":\"https:\/\/cennm.com\/cennm\/academia\/articulos-de-investigacion\/#breadcrumb\"},\"inLanguage\":\"es\",\"potentialAction\":[{\"@type\":\"ReadAction\",\"target\":[\"https:\/\/cennm.com\/cennm\/academia\/articulos-de-investigacion\/\"]}]},{\"@type\":\"BreadcrumbList\",\"@id\":\"https:\/\/cennm.com\/cennm\/academia\/articulos-de-investigacion\/#breadcrumb\",\"itemListElement\":[{\"@type\":\"ListItem\",\"position\":1,\"name\":\"Inicio\",\"item\":\"https:\/\/cennm.com\/cennm\/\"},{\"@type\":\"ListItem\",\"position\":2,\"name\":\"Academia\",\"item\":\"https:\/\/cennm.com\/cennm\/academia\/\"},{\"@type\":\"ListItem\",\"position\":3,\"name\":\"Art\u00edculos de investigaci\u00f3n\"}]}]}<\/script>\n<!-- \/ Yoast SEO plugin. -->","yoast_head_json":{"title":"Art\u00edculos de investigaci\u00f3n - CENNM","robots":{"index":"index","follow":"follow","max-snippet":"max-snippet:-1","max-image-preview":"max-image-preview:large","max-video-preview":"max-video-preview:-1"},"canonical":"https:\/\/cennm.com\/cennm\/academia\/articulos-de-investigacion\/","og_locale":"es_MX","og_type":"article","og_title":"Art\u00edculos de investigaci\u00f3n - CENNM","og_description":"ART\u00cdCULOS DE INVESTIGACI\u00d3N Nuevas herramientas moleculares para la detecci\u00f3n de priones en muestras biol\u00f3gicas de pacientes con enfermedad de Creutzfeldt-Jakob . Autores: Guadarrama-Orti\u0301z Parme\u0301nides, Carnalla-Cort\u00e9s Martha, Chore\u00f1o-Parra Jos\u00e9 Alberto, Mart\u00ednez-Z\u00fa\u00f1iga Nayeli, Luna-Mu\u00f1oz Jos\u00e9 C. \u00a0\u00a0 Archivos de Neurociencias &#8211; Octubre \u00a02018 Leer art\u00edculo Abordaje del Paciente con Traumatismo Craneoencef\u00e1lico Un enfoquepara el M\u00e9dico de primer&hellip;","og_url":"https:\/\/cennm.com\/cennm\/academia\/articulos-de-investigacion\/","og_site_name":"CENNM","article_publisher":"https:\/\/www.facebook.com\/CENNM\/","article_modified_time":"2019-03-18T07:26:03+00:00","og_image":[{"url":"https:\/\/cennm.com\/cennm\/wp-content\/uploads\/2019\/01\/Bases-moleculares-del-uso-de-biomarcadores-l\u00edquido-cefalorraqu\u00eddeo-LCR-enfermedad-de-Creutzfeldt-Jakob.png"}],"twitter_card":"summary_large_image","twitter_site":"@CENNM_","twitter_misc":{"Tiempo de lectura":"2 minutos"},"schema":{"@context":"https:\/\/schema.org","@graph":[{"@type":"WebSite","@id":"https:\/\/cennm.com\/cennm\/#website","url":"https:\/\/cennm.com\/cennm\/","name":"CENNM","description":"Centro Especializado en Neurocirug\u00eda y Neurociencias M\u00e9xico","potentialAction":[{"@type":"SearchAction","target":{"@type":"EntryPoint","urlTemplate":"https:\/\/cennm.com\/cennm\/?s={search_term_string}"},"query-input":"required name=search_term_string"}],"inLanguage":"es"},{"@type":"ImageObject","@id":"https:\/\/cennm.com\/cennm\/academia\/articulos-de-investigacion\/#primaryimage","inLanguage":"es","url":"https:\/\/cennm.com\/cennm\/wp-content\/uploads\/2019\/01\/Bases-moleculares-del-uso-de-biomarcadores-l\u00edquido-cefalorraqu\u00eddeo-LCR-enfermedad-de-Creutzfeldt-Jakob.png","contentUrl":"https:\/\/cennm.com\/cennm\/wp-content\/uploads\/2019\/01\/Bases-moleculares-del-uso-de-biomarcadores-l\u00edquido-cefalorraqu\u00eddeo-LCR-enfermedad-de-Creutzfeldt-Jakob.png","width":445,"height":295},{"@type":"WebPage","@id":"https:\/\/cennm.com\/cennm\/academia\/articulos-de-investigacion\/#webpage","url":"https:\/\/cennm.com\/cennm\/academia\/articulos-de-investigacion\/","name":"Art\u00edculos de investigaci\u00f3n - CENNM","isPartOf":{"@id":"https:\/\/cennm.com\/cennm\/#website"},"primaryImageOfPage":{"@id":"https:\/\/cennm.com\/cennm\/academia\/articulos-de-investigacion\/#primaryimage"},"datePublished":"2018-05-23T16:15:12+00:00","dateModified":"2019-03-18T07:26:03+00:00","breadcrumb":{"@id":"https:\/\/cennm.com\/cennm\/academia\/articulos-de-investigacion\/#breadcrumb"},"inLanguage":"es","potentialAction":[{"@type":"ReadAction","target":["https:\/\/cennm.com\/cennm\/academia\/articulos-de-investigacion\/"]}]},{"@type":"BreadcrumbList","@id":"https:\/\/cennm.com\/cennm\/academia\/articulos-de-investigacion\/#breadcrumb","itemListElement":[{"@type":"ListItem","position":1,"name":"Inicio","item":"https:\/\/cennm.com\/cennm\/"},{"@type":"ListItem","position":2,"name":"Academia","item":"https:\/\/cennm.com\/cennm\/academia\/"},{"@type":"ListItem","position":3,"name":"Art\u00edculos de investigaci\u00f3n"}]}]}},"_links":{"self":[{"href":"https:\/\/cennm.com\/cennm\/wp-json\/wp\/v2\/pages\/292","targetHints":{"allow":["GET"]}}],"collection":[{"href":"https:\/\/cennm.com\/cennm\/wp-json\/wp\/v2\/pages"}],"about":[{"href":"https:\/\/cennm.com\/cennm\/wp-json\/wp\/v2\/types\/page"}],"author":[{"embeddable":true,"href":"https:\/\/cennm.com\/cennm\/wp-json\/wp\/v2\/users\/1"}],"replies":[{"embeddable":true,"href":"https:\/\/cennm.com\/cennm\/wp-json\/wp\/v2\/comments?post=292"}],"version-history":[{"count":47,"href":"https:\/\/cennm.com\/cennm\/wp-json\/wp\/v2\/pages\/292\/revisions"}],"predecessor-version":[{"id":805,"href":"https:\/\/cennm.com\/cennm\/wp-json\/wp\/v2\/pages\/292\/revisions\/805"}],"up":[{"embeddable":true,"href":"https:\/\/cennm.com\/cennm\/wp-json\/wp\/v2\/pages\/219"}],"wp:attachment":[{"href":"https:\/\/cennm.com\/cennm\/wp-json\/wp\/v2\/media?parent=292"}],"curies":[{"name":"wp","href":"https:\/\/api.w.org\/{rel}","templated":true}]}}